{"id":3,"date":"2021-01-30T18:53:25","date_gmt":"2021-01-30T18:53:25","guid":{"rendered":"https:\/\/raisch-elektro.de\/?page_id=3"},"modified":"2026-01-12T16:24:51","modified_gmt":"2026-01-12T15:24:51","slug":"datenschutz","status":"publish","type":"page","link":"https:\/\/wp.raisch-elektro.de\/index.php\/datenschutz\/","title":{"rendered":"Datenschutz"},"content":{"rendered":"\n\n\t<blockquote>\n<h1><strong>Datenschutzerkl\u00e4rung<\/strong><\/h1>\n<hr \/>\n<\/blockquote>\n<h5><strong>Name und Anschrift des Verantwortlichen<\/strong><\/h5>\nElektromontage RAISCH GmbH<br \/>\nHauptstrasse 30<br \/>\n71111 Waldenbuch\nTelefon: +49 (0) 7157 532307<br \/>\nTelefax: +49 (0) 7157 532308\nE-Mail: elektromontagen@raisch-elektro.de<br \/>\nwww.raisch-elektro.de\n<h5><strong>Name und Anschrift des Datenschutzbeauftragten<\/strong><\/h5>\nAlexander Raisch<br \/>\nHauptstrasse 30<br \/>\n71111 Waldenbuch\n<h4><strong>Allgemeines zur Datenvereinbarung\u00a0<\/strong><\/h4>\n<ul>\n<li><strong>Umfang der Verarbeitung personenbezogener Daten<\/strong><\/li>\n<\/ul>\nWir verarbeiten personenbezogene Daten unserer Nutzer grunds\u00e4tzlich nur, soweit dies zur Bereitstellung einer funktionsf\u00e4higen Webseite sowie unserer Inhalte und Leistungen erforderlich ist.<br \/>\nDie Verarbeitung personenbezogener Daten unserer Nutzer erfolgt regelma\u0308\u00dfig nur nach Einwilligung des Nutzers. Eine Ausnahme gilt in solchen Fa\u0308llen, in denen ein vorheriges Einholen einer Einwilligung aus tatsa\u0308chlichen Gru\u0308nden nicht mo\u0308glich ist und die Verarbeitung der Daten durch gesetzliche Vorschriften gestattet ist.\n<ul>\n<li><strong>Rechtsgrundlage fu\u0308r die Verarbeitung personenbezogener Daten<\/strong><\/li>\n<\/ul>\nSoweit wir fu\u0308r Verarbeitungsvorga\u0308nge personenbezogener Daten eine Einwilligung der betroffenen Person einholen, dient Art. 6 Abs. 1 lit. a EU-Datenschutzgrundverordnung (DSGVO) als Rechtsgrundlage. Sofern Sie in die Speicherung von Cookies oder in den Zugriff auf Informationen in Ihr Endger\u00e4t (z. B. via Device-Fingerprinting) eingewilligt haben, erfolgt die Datenverarbeitung zus\u00e4tzlich auf Grundlage von \u00a7 25 Abs. 1 TTDSG. Die Einwilligung ist jederzeit widerrufbar.<br \/>\nBei der Verarbeitung von personenbezogenen Daten, die zur Erfu\u0308llung eines Vertrages, dessen Vertragspartei die betroffene Person ist, erforderlich ist, dient Art. 6 Abs. 1 lit. b DSGVO als Rechtsgrundlage. Dies gilt auch fu\u0308r Verarbeitungsvorga\u0308nge, die zur Durchfu\u0308hrung vorvertraglicher Ma\u00dfnahmen erforderlich sind.<br \/>\nSoweit eine Verarbeitung personenbezogener Daten zur Erfu\u0308llung einer rechtlichen Verpflichtung erforderlich ist, der unser Unternehmen unterliegt, dient Art. 6 Abs. 1 lit. c DSGVO als Rechtsgrundlage.<br \/>\nFu\u0308r den Fall, dass lebenswichtige Interessen der betroffenen Person oder einer anderen natu\u0308rlichen Person eine Verarbeitung personenbezogener Daten erforderlich machen, dient Art. 6 Abs. 1 lit. d DSGVO als Rechtsgrundlage. Ist die Verarbeitung zur Wahrung eines berechtigten Interesses unseres Unternehmens oder eines Dritten erforderlich und u\u0308berwiegen die Interessen, Grundrechte und Grundfreiheiten des Betroffenen das erstgenannte Interesse nicht, so dient Art. 6 Abs. 1 lit. f DSGVO als Rechtsgrundlage fu\u0308r die Verarbeitung.\n<ul>\n<li><strong>Datenlo\u0308schung und Speicherdauer<\/strong><\/li>\n<\/ul>\nDie personenbezogenen Daten der betroffenen Person werden gelo\u0308scht oder gesperrt, sobald der Zweck der Speicherung entfa\u0308llt.<br \/>\nEine Speicherung kann daru\u0308ber hinaus erfolgen, wenn dies durch den europa\u0308ischen oder nationalen Gesetzgeber in unionsrechtlichen Verordnungen, Gesetzen oder sonstigen Vorschriften, denen der Verantwortliche unterliegt, vorgesehen wurde. Eine Sperrung oder Lo\u0308schung der Daten erfolgt auch dann, wenn eine durch die genannten Normen vorgeschriebene Speicherfrist abla\u0308uft, es sei denn, dass eine Erforderlichkeit zur weiteren Speicherung der Daten fu\u0308r einen Vertragsabschluss oder eine Vertragserfu\u0308llung besteht.\n<h4><strong>Bereitstellung der Website und Erstellung von Logfiles<\/strong><\/h4>\nBeschreibung und Umfang der Datenverarbeitung Bei jedem Aufruf unserer Internetseite erfasst unser System automatisiert Daten und Informationen vom Computersystem des aufrufenden Rechners.<br \/>\nFolgende Daten werden hierbei erhoben:<br \/>\n&#8211; Informationen u\u0308ber den Browsertyp und die verwendete Version &#8211; Das Betriebssystem des Nutzers &#8211; Den Internet-Service-Provider des Nutzers &#8211; Die IP-Adresse des Nutzers &#8211; Datum und Uhrzeit des Zugriffs &#8211; Websites, von denen das System des Nutzers auf unsere Internetseite gelangt &#8211; Websites, die vom System des Nutzers u\u0308ber unsere Website aufgerufen werden<br \/>\nDie Daten werden ebenfalls in den Logfiles unseres Systems gespeichert. Eine Speicherung dieser Daten zusammen mit anderen personenbezogenen Daten des Nutzers findet nicht statt.\n<h4><strong>Rechtsgrundlage fu\u0308r die Datenverarbeitung<\/strong><\/h4>\n<p>Rechtsgrundlage fu\u0308r die voru\u0308bergehende Speicherung der Daten und der Logfiles ist Art. 6 Abs. 1 lit. f DSGVO.<\/p>\n<h4><strong>Zweck der Datenverarbeitung<\/strong><\/h4>\nDie voru\u0308bergehende Speicherung der IP-Adresse durch das System ist notwendig, um eine Auslieferung der Website an den Rechner des Nutzers zu ermo\u0308glichen. Hierfu\u0308r muss die IP-Adresse des Nutzers fu\u0308r die Dauer der Sitzung gespeichert bleiben.<br \/>\nDie Speicherung in Logfiles erfolgt, um die Funktionsfa\u0308higkeit der Website sicherzustellen. Zudem dienen uns die Daten zur Optimierung der Website und zur Sicherstellung der Sicherheit unserer informationstechnischen Systeme. Eine Auswertung der Daten zu Marketingzwecken findet in diesem Zusammenhang nicht statt.<br \/>\nIn diesen Zwecken liegt auch unser berechtigtes Interesse an der Datenverarbeitung nach Art. 6 Abs. 1 lit. f DSGVO.\n<h4><strong>Dauer der Speicherung<\/strong><\/h4>\n<p>Die Daten werden gelo\u0308scht, sobald sie fu\u0308r die Erreichung des Zweckes ihrer Erhebung nicht mehr erforderlich sind. Im Falle der Erfassung der Daten zur Bereitstellung der Website ist dies der Fall, wenn die jeweilige Sitzung beendet ist spa\u0308testens jedoch nach 14 Tagen.<\/p>\n<h4><strong>Widerspruchs- und Beseitigungsmo\u0308glichkeit<\/strong><\/h4>\n<p>Die Erfassung der Daten zur Bereitstellung der Website und die Speicherung der Daten in Logfiles ist fu\u0308r den Betrieb der Internetseite zwingend erforderlich. Es besteht folglich seitens des Nutzers keine Widerspruchsmo\u0308glichkeit.<\/p>\n<ul>\n<li> Kontakt<\/li>\n<li>Kontaktformular und E-Mail Kontakt<\/li>\n<\/ul>\nAuf unserer Internetseite sind Kontaktformulare f\u00fcr die jeweiligen Standorte, welches f\u00fcr die elektronische Kontaktaufnahme genutzt werden k\u00f6nnen. Nimmt ein Nutzer diese M\u00f6glichkeit wahr, so werden die in der Eingabemaske eingegeben Daten an uns \u00fcbermittelt und gespeichert. Diese Daten sind:<br \/>\nKontaktformular:\n<p>Pers\u00f6nliche Daten:<\/p>\n<ul>\n<li>Anrede, freiwillig<\/li>\n<li>Vorname, freiwillig<\/li>\n<li>Nachname<\/li>\n<li>Firma, freiwillig<\/li>\n<li>Stra\u00dfe, Hausnummer, freiwillig<\/li>\n<li>PLZ\/ Ort, freiwillig<\/li>\n<li>Telefon, freiwillig<\/li>\n<li>Mobil, freiwillig<\/li>\n<li>Kommentar\/Stichwort\/Ihr Anliegen, freiwillig<\/li>\n<li>E-Mail<\/li>\n<\/ul>\n<p>Im Zeitpunkt der Absendung der Nachricht werden zudem folgende Daten gespeichert:<\/p>\n<ul>\n<li>Die IP-Adresse des Nutzers<\/li>\n<li>Datum und Uhrzeit der Registrierung<\/li>\n<\/ul>\n<p>F\u00fcr die Verarbeitung der Daten wird im Rahmen des Absendevorgangs Ihre Einwilligung eingeholt und auf diese Datenschutzerkl\u00e4rung verwiesen. Alternativ ist eine Kontaktaufnahme \u00fcber die bereitgestellte E-Mail-Adresse m\u00f6glich. In diesem Fall werden die mit der E-Mail \u00fcbermittelten personenbezogenen Daten des Nutzers gespeichert. Es erfolgt in diesem Zusammenhang keine Weitergabe der Daten an Dritte. Die Daten werden ausschlie\u00dflich f\u00fcr die Verarbeitung der Konversation verwendet.<\/p>\n<h4><strong>Zweck der Datenverarbeitung und Rechtsgrundlage<\/strong><\/h4>\nDie Verarbeitung der personenbezogenen Daten aus der Eingabemaske dient uns allein zur Bearbeitung der Kontaktaufnahme. Im Falle einer Kontaktaufnahme per E-Mail liegt hieran auch das erforderliche berechtigte Interesse an der Verarbeitung der Daten. Die sonstigen w\u00e4hrend des Absendevorgangs verarbeiteten personenbezogenen Daten dienen dazu, einen Missbrauch des Kontaktformulars zu verhindern und die Sicherheit unserer informationstechnischen Systeme sicherzustellen.<br \/>\nRechtsgrundlage f\u00fcr die Verarbeitung der Daten ist bei Vorliegen einer Einwilligung des Nutzers Art. 6 Abs. 1 lit. a DSGVO.<br \/>\nRechtsgrundlage f\u00fcr die Verarbeitung der Daten, die im Zuge einer \u00dcbersendung einer E-Mail \u00fcbermittelt werden, ist Art. 6 Abs. 1 lit. f DSGVO.<br \/>\nZielt der Kontakt auf den Abschluss eines Vertrages ab, so ist zus\u00e4tzliche Rechtsgrundlage f\u00fcr die Verarbeitung Art. 6 Abs. 1 lit. b DSGVO.\n<h4><strong>Dauer der Speicherung<\/strong><\/h4>\n<p>Die Daten werden gelo\u0308scht, sobald sie fu\u0308r die Erreichung des Zweckes ihrer Erhebung nicht mehr erforderlich sind und dem keine gesetzliche Aufbewahrungsfrist entgegensteht. Fu\u0308r die personenbezogenen Daten, die per E-Mail oder Kontaktformular u\u0308bersandt wurden, ist dies dann der Fall, wenn die jeweilige Konversation mit dem Nutzer beendet ist. Beendet ist die Konversation dann, wenn sich aus den Umsta\u0308nden entnehmen la\u0308sst, dass der betroffene Sachverhalt abschlie\u00dfend gekla\u0308rt ist. Die wa\u0308hrend des Absendevorgangs zusa\u0308tzlich erhobenen personenbezogenen Daten werden spa\u0308testens nach einer Frist von 14 Tagen gelo\u0308scht.<\/p>\n<h4><strong>Widerspruchs- und Beseitigungsm\u00f6glichkeit<\/strong><\/h4>\n<p>Der Nutzer hat jederzeit die Mo\u0308glichkeit, seine Einwilligung zur Verarbeitung der personenbezogenen Daten zu widerrufen. Nimmt der Nutzer per E-Mail Kontakt mit uns auf, so kann er der Speicherung seiner personenbezogenen Daten jederzeit widersprechen. In einem solchen Fall kann die Konversation nicht fortgefu\u0308hrt werden. Alle personenbezogenen Daten, die im Zuge der Kontaktaufnahme gespeichert wurden, werden in diesem Fall gelo\u0308scht.<\/p>\n<h4><strong>Weitergabe von Daten<\/strong><\/h4>\n<p>Eine \u00dcbermittlung Ihrer pers\u00f6nlichen Daten an Dritte zu anderen als den im Folgenden aufgef\u00fchrten Zwecken findet nicht statt.<\/p>\n<p>Wir geben Ihre pers\u00f6nlichen Daten nur an Dritte weiter, wenn:<\/p>\n<ul>\n<li>Sie Ihre nach Art. 6 Abs. 1 S. 1 lit. a DSGVO ausdr\u00fcckliche Einwilligung dazu erteilt haben,<\/li>\n<li>f\u00fcr den Fall, dass f\u00fcr die Weitergabe nach Art. 6 Abs. 1 S. 1lit. c DSGVO eine gesetzliche Verpflichtung besteht, sowie<\/li>\n<li>dies gesetzlich zul\u00e4ssig und nach Art. 6 Abs. 1 S. 1 lit. b DSGVO f\u00fcr die Abwicklung von Vertragsverh\u00e4ltnissen mit Ihnen erforderlich ist.<\/li>\n<\/ul>\n<p>&nbsp;<\/p>\n<h2><strong>Datenschutzhinweis f\u00fcr Bewerber<\/strong><\/h2>\n<h4><strong>Unser Umgang mit Ihren Daten und Ihre Rechte Informationen nach Art. 13, 14 der Datenschutz-Grundverordnung (DS-GVO)<\/strong><\/h4>\n<p>Diese Datenschutzerkl\u00e4rung gibt Ihnen Auskunft dar\u00fcber, wie die Fa. Elektromontage RAISCH GmbH mit Informationen umgeht, die durch Ihre Bewerbung. Gem\u00e4\u00df Art. 13 Abs. 1 und Abs. 2 DSGVO, sowie Art. 14 Abs. 1 und 2 DSGVO (EU-Datenschutzgrundverordnung) informieren wir Sie hiermit dar\u00fcber, dass wir die von Ihnen erhobenen Daten nur im Rahmen des Bewerberverfahrens auf die von Ihnen beworbene Stelle verarbeiten. Eine Bereitstellung Ihrer Daten ist f\u00fcr einen m\u00f6glichen Vertragsabschluss erforderlich. Weiterhin werden Ihre Daten bei einem Vertragsabschluss weiterverarbeitet.<\/p>\n<h4><strong>Wer ist f\u00fcr die Datenverarbeitung verantwortlich und an wen kann ich mich wenden?<\/strong><\/h4>\nElektromontage RAISCH GmbH<br \/>\nHauptstrasse 30<br \/>\n71111 Waldenbuch\nTelefon: +49 (0) 7157 532307<br \/>\nTelefax: +49 (0) 7157 532308\nE-Mail: elektromontagen@raisch-elektro.de<br \/>\nwww.raisch-elektro.de\n<h4><strong>Umfang und Zweck der Datenverarbeitung<\/strong><\/h4>\n<p>Wir verarbeiten Daten, die Sie uns mitteilen, wenn Sie sich auf eine ausgeschriebene Stelle oder initiativ bei uns bewerben (pers\u00f6nliche Daten, Kontaktdaten, Daten zur Ausbildung, Daten zum bisherigen beruflichen Werdegang, Anschreiben, Lebenslauf, Portr\u00e4tfoto, Zeugnisse). Wir ben\u00f6tigen diese Daten, um Ihr Bewerbungsverfahren durchf\u00fchren zu k\u00f6nnen.<\/p>\n<h4><strong>Rechtsgrundlage der Verarbeitung<\/strong><\/h4>\nDatenverarbeitung f\u00fcr Zwecke des Besch\u00e4ftigungsverh\u00e4ltnisses &#8211; \u00a7 26 BDSG<br \/>\nIhre personenbezogenen Daten werden zu Zwecken der Personalauswahl zur Besetzung offener Stellen, also zur Anbahnung eines Arbeitsvertrages, verarbeitet. Die Erforderlichkeit und der Umfang der Datenerhebung beurteilen sich u.a. nach der zu besetzenden Position. Wenn Ihre angestrebte Position mit der Wahrnehmung besonders vertraulicher Aufgaben, einer verst\u00e4rkten personellen und \/ oder finanziellen Verantwortung verbunden ist, oder an gewisse k\u00f6rperliche und gesundheitliche Voraussetzungen gekn\u00fcpft ist, k\u00f6nnen umfangreichere Datenerhebungen erforderlich sein. Rechtsgrundlage ist \u00a7 26 Abs. 1 Bundesdatenschutzgesetz (BDSG).\n<h4><strong>Einwilligung &#8211; 6 Abs.1 lit. a DSGVO, \u00a7 26 Abs. 2 BDSG<\/strong><\/h4>\nWenn Sie uns gegen\u00fcber einer freiwilligen Einwilligung in die Verarbeitung bestimmter personenbezogenen Daten erkl\u00e4rt haben, dann bildet diese Einwilligung die Rechtsgrundlage f\u00fcr die Verarbeitung dieser Daten.<br \/>\nSofern wir Datenverarbeitungen auf Ihre Einwilligung st\u00fctzen, haben Sie das Recht, Ihre Einwilligung jederzeit mit Wirkung f\u00fcr die Zukunft zu widerrufen. Den Widerruf richten Sie m\u00f6glichst per E-Mail an elektromontagen@raisch-elektro.de. Die Rechtm\u00e4\u00dfigkeit der Verarbeitung Ihrer Daten bis zum Zeitpunkt des Widerrufs bleibt unber\u00fchrt.\n<h4><strong>Datenverarbeitung aufgrund des berechtigten Interesses &#8211; 6 Abs.1 lit. f DSGVO<\/strong><\/h4>\n<p>In bestimmten F\u00e4llen verarbeiten wir Ihre Daten zur Wahrung eines berechtigten Interesses von uns oder von Dritten, sofern nicht Ihre Interessen oder Grundrechte und Grundfreiheiten \u00fcberwiegen. Ein berechtigtes Interesse besteht beispielweise dann, wenn Ihre Daten zur Geltendmachung, Aus\u00fcbung oder Verteidigung von Rechtsanspr\u00fcchen im Rahmen des Bewerbungsverfahrens (z.B. Anspr\u00fcche nach dem Allgemeinen Gleichbehandlungsgesetz) erforderlich sind. Im Falle eines Rechtstreits haben wir ein berechtigtes Interesse daran, die Daten zu Beweiszwecken zu verarbeiten.<\/p>\n<h4><strong>Datenverarbeitung aufgrund des berechtigten Interesses &#8211; 6 Abs.1 lit. f DSGVO<\/strong><\/h4>\nEine Weitergabe Ihrer Daten erfolgt ausschlie\u00dflich an die am Bewerbungsverfahren zust\u00e4ndigen Mitarbeiter in der Personalabteilung, sowie die Mitarbeiter der jeweiligen Fachabteilungen, soweit dies f\u00fcr die Entscheidung \u00fcber die Begr\u00fcndung des Besch\u00e4ftigungsverh\u00e4ltnisses erforderlich ist<br \/>\nIhre Daten werden nicht in L\u00e4nder au\u00dferhalb der Europ\u00e4ischen Union \/ des Europ\u00e4ischen Wirtschaftsraum \u00fcbermittelt.\n<h4><strong>Speicherdauer<\/strong><\/h4>\n<p>Wir speichern Ihre Daten grunds\u00e4tzlich nur so lange, wie wir sie f\u00fcr den Bewerbungsprozess ben\u00f6tigen.<\/p>\n<p><strong>Automatisierte Entscheidungsfindung; Profiling<\/strong><\/p>\n<p>Ihre personenbezogenen Daten werden weder f\u00fcr automatisierte Entscheidungsfindung noch f\u00fcr Profiling verwendet.<\/p>\n<p><strong>Ihre Rechte als Betroffene Person<\/strong><\/p>\nSie k\u00f6nnen Auskunft dar\u00fcber verlangen, ob wir personenbezogenen Daten \u00fcber Sie gespeichert haben. Wenn Sie es w\u00fcnschen, teilen wir Ihnen mit, um welche Daten es sich handelt, f\u00fcr welche Zwecke die Daten verarbeitet werden, wem diese Daten offengelegt werden, wie lange die Daten gespeichert werden und welche weiteren Rechte Ihnen in Bezug auf diese Daten zustehen.<br \/>\nDar\u00fcber hinaus haben Sie das Recht auf Berichtigung oder auf L\u00f6schung Ihrer Daten. Sie k\u00f6nnen auch verlangen, dass wir alle personenbezogenen Daten, die Sie uns bereitgestellt haben, in einem strukturierten, g\u00e4ngigen und maschinenlesbaren Format entweder Ihnen oder einer Person oder einem Unternehmen Ihrer Wahl zur Verf\u00fcgung stellen.<br \/>\nIm Rahmen des Bewerbungsverfahrens nutzen wir keine automatisierten Verarbeitungsprozesse einschlie\u00dflich Profiling zur Entscheidungsfindung.<br \/>\nSie haben zudem das Recht, aus Gr\u00fcnden, die sich aus ihrer besonderen Situation ergeben, jederzeit gegen die Verarbeitung sie betreffender personenbezogener Daten, die aufgrund von Art. 6 Abs.1 l.it. e DSGVO (Datenverarbeitung im \u00f6ffentlichen Interesse) oder aufgrund Art. 6 Abs.1 lit. f DSGVO (Datenverarbeitung zur Wahrung eines berechtigten Interesses) erfolgt, Widerspruch einzulegen, dies gilt auch f\u00fcr ein auf diese Vorschrift gest\u00fctztes Profil. Im Falle Ihres Widerspruchs verarbeiten wir Ihre personenbezogenen Daten nicht mehr, es sei denn, wir k\u00f6nnen zwingende schutzw\u00fcrdige Gr\u00fcnde f\u00fcr die Verarbeitung nachweisen, die Ihre Interessen, Rechte und Freiheiten \u00fcberwiegen, oder die Verarbeitung dient der Geltendmachung, Aus\u00fcbung oder Verteidigung von Rechtsanspr\u00fcchen.<br \/>\nDar\u00fcber hinaus besteht ein Beschwerderecht bei der zust\u00e4ndigen Datenschutzaufsichtsbeh\u00f6rde.<br \/>\nUm Ihre Rechte wahrzunehmen, k\u00f6nnen Sie sich per E-Mail an info@ebgruppe.com wenden. Wir werden Ihre Anfragen umgehend sowie gem\u00e4\u00df den gesetzlichen Vorgaben bearbeiten und Ihnen mitteilen, welche Ma\u00dfnahmen wir ergriffen haben bzw. ergreifen werden.\n<p><strong> Verwendung von Cookies<\/strong><\/p>\nUnsere Internetseiten verwenden so genannte \u201eCookies&#8220;. Cookies sind kleine Textdateien und richten auf Ihrem Endger\u00e4t keinen Schaden an. Sie werden entweder vor\u00fcbergehend f\u00fcr die Dauer einer Sitzung (Session-Cookies) oder dauerhaft (permanente Cookies) auf Ihrem Endger\u00e4t gespeichert. Session-Cookies werden nach Ende Ihres Besuchs automatisch gel\u00f6scht. Permanente Cookies bleiben auf Ihrem Endger\u00e4t gespeichert, bis Sie diese selbst l\u00f6schen oder eine automatische L\u00f6schung durch Ihren Webbrowser erfolgt.<br \/>\nTeilweise k\u00f6nnen auch Cookies von Drittunternehmen auf Ihrem Endger\u00e4t gespeichert werden, wenn Sie unsere Seite betreten (Third-Party-Cookies). Diese erm\u00f6glichen uns oder Ihnen die Nutzung bestimmter Dienstleistungen des Drittunternehmens (z.B. Cookies zur Abwicklung von Zahlungsdienstleistungen).<br \/>\nCookies haben verschiedene Funktionen. Zahlreiche Cookies sind technisch notwendig, da bestimmte Webseitenfunktionen ohne diese nicht funktionieren w\u00fcrden (z.B. die Warenkorbfunktion oder die Anzeige von Videos). Andere Cookies dienen dazu, das Nutzerverhalten auszuwerten oder Werbung anzuzeigen.<br \/>\nCookies, die zur Durchf\u00fchrung des elektronischen Kommunikationsvorgangs (notwendige Cookies) oder zur Bereitstellung bestimmter, von Ihnen erw\u00fcnschter Funktionen (funktionale Cookies, z. B. f\u00fcr die Warenkorbfunktion) oder zur Optimierung der Webseite (z.B. Cookies zur Messung des Webpublikums) erforderlich sind, werden auf Grundlage von Art. 6 Abs. 1 lit. f DSGVO gespeichert, sofern keine andere Rechtsgrundlage angegeben wird. Der Websitebetreiber hat ein berechtigtes Interesse an der Speicherung von Cookies zur technisch fehlerfreien und optimierten Bereitstellung seiner Dienste. Sofern eine Einwilligung zur Speicherung von Cookies abgefragt wurde, erfolgt die Speicherung der betreffenden Cookies ausschlie\u00dflich auf Grundlage dieser Einwilligung (Art. 6 Abs. 1 lit. a DSGVO); die Einwilligung ist jederzeit widerrufbar.<br \/>\nTracking- und Analysecookies werden erst aktiviert, wenn eine Einwilligung durch den Webseitenbesucher innerhalb des Cookie-Banners daf\u00fcr vorliegt (Art. 6 Abs. 1 lit. a DSGVO).<br \/>\nSie k\u00f6nnen Ihren Browser so einstellen, dass Sie \u00fcber das Setzen von Cookies informiert werden und Cookies nur im Einzelfall erlauben, die Annahme von Cookies f\u00fcr bestimmte F\u00e4lle oder generell ausschlie\u00dfen sowie das automatische L\u00f6schen der Cookies beim Schlie\u00dfen des Browsers aktivieren. Bei der Deaktivierung von Cookies kann die Funktionalit\u00e4t dieser Website eingeschr\u00e4nkt sein.<br \/>\nBeim Aufruf unserer Website werden die Nutzer durch einen Infobanner \u00fcber die Verwendung von Cookies zu Analysezwecken informiert und auf diese Datenschutzerkl\u00e4rung verwiesen. Die Nutzung der Cookies zu Analysezwecken erfolgt nur durch Einwilligung des Nutzers gem\u00e4\u00df Art. 6 Abs. 1 a) DSGVO durch Zustimmung im Cookie-Banner. Sie k\u00f6nnen Ihre Einwilligung durch die \u00c4nderung Ihrer Einstellungen, jederzeit widerrufen.\n<p><strong> Analyse-Tools und Tools von Drittanbietern<\/strong><\/p>\nBeim Besuch dieser Website kann Ihr Surf-Verhalten statistisch ausgewertet werden. Das geschieht vor allem mit Cookies und mit sogenannten Analyseprogrammen.<br \/>\nDetaillierte Informationen zu diesen Analyseprogrammen finden Sie in der folgenden Datenschutzerkl\u00e4rung.\n<p><strong>Google Analytics<\/strong><\/p>\n<p>Zum Zwecke der bedarfsgerechten Gestaltung und fortlaufenden Optimierung unserer Seiten nutzen wir Google Analytics, ein Webanalysedienst der Google Inc., https:\/\/www.google.de\/intl\/de\/about\/, 1600 Amphitheatre Parkway, Mountain View, CA 94043, USA; im Folgenden \u201eGoogle&#8220;.<\/p>\n<p>Rechtsgrundlage hierzu ist Ihre Einwilligung im Cookie Banner nach Art. 6 Abs. 1 S. 1 lit. a DSGVO. Sie k\u00f6nnen Ihre Einwilligung im unteren Bereich dieser Website unter \u201eCookie-Richtlinie (EU)&#8220;, durch die \u00c4nderung Ihrer Einstellungen, jederzeit widerrufen.<\/p>\n<p>In diesem Zusammenhang werden pseudonymisierte Nutzungsprofile erstellt und Cookies (siehe unter Ziff. 4) verwendet. Die durch den Cookie erzeugten Informationen \u00fcber Ihre Benutzung dieser Website wie<\/p>\n<ul>\n<li>Browser-Typ\/-Version,<\/li>\n<li>verwendetes Betriebssystem,<\/li>\n<li>Referrer-URL (die zuvor besuchte Seite),<\/li>\n<li>Hostname des zugreifenden Rechners (IP-Adresse),<\/li>\n<li>Uhrzeit der Serveranfrage,<\/li>\n<\/ul>\n<p>werden an einen Server von Google in den USA \u00fcbertragen und dort gespeichert. Die Informationen werden verwendet, um die Nutzung der Website auszuwerten, um Reports \u00fcber die Websiteaktivit\u00e4ten zusammenzustellen und um weitere mit der Websitenutzung und der Internetnutzung verbundene Dienstleistungen zu Zwecken der Marktforschung und bedarfsgerechten Gestaltung dieser Internetseiten zu erbringen. Auch werden diese Informationen gegebenenfalls an Dritte \u00fcbertragen, sofern dies gesetzlich vorgeschrieben ist oder soweit Dritte diese Daten im Auftrag verarbeiten. Es wird in keinem Fall Ihre IP-Adresse mit anderen Daten von Google zusammengef\u00fchrt. Die IP-Adressen werden anonymisiert, so dass eine Zuordnung nicht m\u00f6glich ist (IP-Masking).<\/p>\nSie k\u00f6nnen die Installation der Cookies durch eine entsprechende Einstellung der Browser-Software verhindern; wir weisen jedoch darauf hin, dass in diesem Fall gegebenenfalls nicht s\u00e4mtliche Funktionen dieser Website vollumf\u00e4nglich genutzt werden k\u00f6nnen.<br \/>\nSie k\u00f6nnen dar\u00fcber hinaus die Erfassung der durch das Cookie erzeugten und auf Ihre Nutzung der Website bezogenen Daten (inkl. Ihrer IP-Adresse) sowie die Verarbeitung dieser Daten durch Google verhindern, indem Sie ein Browser-Add-on herunterladen und installieren https:\/\/tools.google.com\/dlpage\/gaoptout?hl=de.<br \/>\nAlternativ zum Browser-Add-on, insbesondere bei Browsern auf mobilen Endger\u00e4ten, k\u00f6nnen Sie die Erfassung durch Google Analytics zudem verhindern, indem Sie auf diesen<br \/>\nLink klicken. Es wird ein Opt-out-Cookie gesetzt, das die zuk\u00fcnftige Erfassung Ihrer Daten beim Besuch dieser Website verhindert. Der Opt-out-Cookie gilt nur in diesem Browser und nur f\u00fcr unsere Website und wird auf Ihrem Ger\u00e4t abgelegt. L\u00f6schen Sie die Cookies in diesem Browser, m\u00fcssen Sie das Opt-out-Cookie erneut setzen.\n<p>Weitere Informationen zum Datenschutz im Zusammenhang mit Google Analytics finden Sie etwa in der Google Analytics-Hilfe https:\/\/support.google.com\/analytics\/answer\/6004245?hl=de.<\/p>\n<p><strong> YouTube mit erweitertem Datenschutz<\/strong><\/p>\nDiese Website bindet Videos der YouTube ein. Betreiber der Seiten ist die Google Ireland Limited (\u201eGoogle&#8220;), Gordon House, Barrow Street, Dublin 4, Irland.<br \/>\nWir nutzen YouTube im erweiterten Datenschutzmodus. Dieser Modus bewirkt laut YouTube, dass YouTube keine Informationen \u00fcber die Besucher auf dieser Website speichert, bevor diese sich das Video ansehen. Die Weitergabe von Daten an YouTube-Partner wird durch den erweiterten Datenschutzmodus hingegen nicht zwingend ausgeschlossen. So stellt YouTube &#8211; unabh\u00e4ngig davon, ob Sie sich ein Video ansehen &#8211; eine Verbindung zum Google DoubleClick-Netzwerk her. Daher wurde die Videos zus\u00e4tzlich durch eine dem Video vorgeschaltete Bilddatei an der direkten Daten\u00fcbertragung an YouTube gehindert. Das bedeutet, dass keine Daten \u00fcber Nutzer an YouTube \u00fcbertragen werden, solange Videos nicht abgespielt werden. Erst mit abspielen des Videos, werden Daten an YouTube \u00fcbertragen.<br \/>\nSobald Sie ein YouTube-Video auf dieser Website starten, wird eine Verbindung zu den Servern von YouTube hergestellt. Dabei wird dem YouTube-Server mitgeteilt, welche unserer Seiten Sie besucht haben. Wenn Sie in Ihrem YouTube-Account eingeloggt sind, erm\u00f6glichen Sie YouTube, Ihr Surfverhalten direkt Ihrem pers\u00f6nlichen Profil zuzuordnen. Dies k\u00f6nnen Sie verhindern, indem Sie sich aus Ihrem YouTube-Account ausloggen.<br \/>\nDes Weiteren kann YouTube nach Starten eines Videos verschiedene Cookies auf Ihrem Endger\u00e4t speichern. Mit Hilfe dieser Cookies kann YouTube Informationen \u00fcber Besucher dieser Website erhalten. Diese Informationen werden u. a. verwendet, um Videostatistiken zu erfassen, die Anwenderfreundlichkeit zu verbessern und Betrugsversuchen vorzubeugen. Die Cookies verbleiben auf Ihrem Endger\u00e4t, bis Sie sie l\u00f6schen.<br \/>\nGegebenenfalls k\u00f6nnen nach dem Start eines YouTube-Videos weitere Datenverarbeitungsvorg\u00e4nge ausgel\u00f6st werden, auf die wir keinen Einfluss haben.<br \/>\nDie Nutzung von YouTube erfolgt im Interesse einer ansprechenden Darstellung unserer Online-Angebote. Dies stellt ein berechtigtes Interesse im Sinne von Art. 6 Abs. 1 lit. f DSGVO dar. Sofern eine entsprechende Einwilligung abgefragt wurde, erfolgt die Verarbeitung ausschlie\u00dflich auf Grundlage von Art. 6 Abs. 1 lit. a DSGVO; die Einwilligung ist jederzeit widerrufbar in dem Sie Ihre Einstellungen im unteren Bereich dieser Website unter \u201eCookie-Richtlinie (EU)&#8220; a\u0308ndern.<br \/>\nWeitere Informationen \u00fcber Datenschutz bei YouTube finden Sie in deren Datenschutzerkl\u00e4rung unter: https:\/\/policies.google.com\/privacy?hl=de.\n<p>&nbsp;<\/p>\n<p><strong> Social Media Pr\u00e4senzen<\/strong><\/p>\n<p><strong>Facebook -\/Instagram Seiten<\/strong><\/p>\nF\u00fcr den Betrieb unserer Facebook-Seiten greifen wir auf die technische Plattform und die Dienste der Facebook Ireland Ltd., 4 Grand Canal Square Grand Canal Harbour, Dublin 2 (\u201eFacebook&#8220;) zuru\u0308ck; fu\u0308r den Betrieb unserer Instagram-Seiten auf die technische Plattform und die Dienste der Instagram Inc., 1601 Willow Road, Menlo Park, CA, 94025, USA, (\u201eInstagram&#8220;).<br \/>\nDa es sich beim Betrieb unserer Facebook-Seiten datenschutzrechtlich um eine gemeinschaftliche Verantwortung (Art. 26 DSGVO) zwischen Facebook und uns handelt, wurde eine entsprechende Vereinbarung mit Facebook Ireland Ltd. abgeschlossen, die Sie unter dem folgenden Link einsehen k\u00f6nnen: https:\/\/www.facebook.com\/legal\/terms\/page_controller_addendum<br \/>\nWir weisen Sie darauf hin, dass Sie unsere Facebook- und Instagram-Seiten und ihre Funktionen in eigener Verantwortung nutzen. Dies gilt insbesondere f\u00fcr die Nutzung der interaktiven Funktionen (z.B. Kommentieren, Teilen, Bewerten).<br \/>\nb. Wir erhalten von Facebook und Instagram anonyme Statistiken zur Verwendung und Nutzung unserer Seiten. Folgende Informationen werden hier beispielsweise bereitgestellt:<br \/>\nFollower: Anzahl an Personen, die uns folgen, inklusive Zuw\u00e4chse und Entwicklung \u00fcber einen definierten Zeitrahmen.<br \/>\nReichweite: Anzahl an Personen, die einen spezifischen Beitrag sehen. Anzahl der Interaktionen auf einen Beitrag. Daraus l\u00e4sst sich zum Beispiel ableiten, welcher Inhalt bei den Nutzern besser ankommt als andere.<br \/>\nAnzeigenperformance: Was kostet uns ein Klick? Wie viele Personen haben eine Anzeige gesehen?<br \/>\nDemographie: Durchschnittliches Alter der Besucher, Geschlecht, Wohnort, Sprache.<br \/>\nN\u00e4here Informationen hierzu stellt Facebook unter folgendem Link zur Verf\u00fcgung: https:\/\/www.facebook.com\/business\/a\/page\/page-insights; entsprechende Informationen von Instagram unter dem Link: https:\/\/help.instagram.com\/788388387972460?helpref=related<br \/>\nDiese Statistiken, aus denen wir keinen R\u00fcckschluss auf individuelle Nutzer ziehen k\u00f6nnen, nutzen wir dazu, um unser Angebot auf Facebook und Instagram st\u00e4ndig zu verbessern und auf die Interessen unserer Nutzer besser einzugehen. Rechtsgrundlage f\u00fcr diese Verarbeitung ist Art. 6 Abs. 1 Buchst. f DSGVO.<br \/>\nWir k\u00f6nnen die statistischen Daten nicht mit den Profildaten unserer Fans verkn\u00fcpfen. Sie k\u00f6nnen \u00fcber Ihre Facebook- bzw. Instagram-Einstellungen dar\u00fcber entscheiden, in welcher Form Ihnen zielgerichtete Werbung angezeigt wird.<br \/>\nc. Wenn Sie bei Facebook bzw. Instagram registriert sind, k\u00f6nnen Sie uns \u00fcber die Funktion \u201eNachricht&#8220; eine Nachricht zukommen lassen. Solche Nachrichten sind f\u00fcr andere Facebook- bzw. Instagram-Nutzer nicht sichtbar. Die in einer von Ihnen an uns gesandten Nachricht enthaltenen personenbezogenen Daten verarbeiten wir ausschlie\u00dflich, um Ihre Anfrage zu beantworten. Rechtsgrundlage f\u00fcr diese Verarbeitung ist Art. 6 Abs. 1 Buchst. a DSGVO. Die Nachricht wird gel\u00f6scht, wenn Ihre Anfrage beantwortet wurde und kein anderer Grund uns zur Aufbewahrung der Nachricht berechtigt oder verpflichtet.<br \/>\nd. In welcher Weise Facebook bzw. Instagram die Daten aus dem Besuch von Facebook- bzw. Instagram-Seiten f\u00fcr eigene Zwecke verwenden, in welchem Umfang Aktivit\u00e4ten auf Facebook- bzw. Instagram-Seiten einzelnen Nutzern zugeordnet werden, wie lange Facebook bzw. Instagram diese Daten speichern und ob Daten aus einem Besuch von Facebook- bzw. Instagram-Seiten an Dritte weitergegeben werden, wird von Facebook und Instagram nicht abschlie\u00dfend und klar benannt und ist uns nicht bekannt.<br \/>\nBeim Besuch unserer Seiten erfassen Facebook und Instagram u.a. Ihre IP-Adresse sowie weitere Informationen, die \u00fcber Cookies auf Ihrem Endger\u00e4t an Facebook bzw. Instagram geleitet werden. Diese Informationen werden u.a. dazu verwendet, um uns als Betreiber der Facebook- bzw. Instagram-Seiten die in Abs. 2 genannten statistischen Informationen \u00fcber die Inanspruchnahme unserer Seiten zur Verf\u00fcgung zu stellen. N\u00e4here Informationen hierzu stellt Facebook unter folgendem Link zur Verf\u00fcgung: https:\/\/www.facebook.com\/business\/a\/page\/page-insights. Die Cookie-Richtlinie von Facebook finden Sie hier: https:\/\/www.facebook.com\/policies\/cookies\/. Informationen \u00fcber den Einsatz von Cookies bei Instagram finden Sie hier: https:\/\/help.instagram.com\/1896641480634370?ref=ig<br \/>\nDie in diesem Zusammenhang \u00fcber Sie erhobenen Daten werden von Facebook bzw. Instagram verarbeitet und dabei gegebenenfalls in L\u00e4nder au\u00dferhalb der Europ\u00e4ischen Union \u00fcbertragen. Welche Informationen Facebook erh\u00e4lt und wie diese verwendet werden, beschreibt Facebook in seiner \u201eDatenrichtlinie&#8220;. Die \u201eDatenrichtlinie&#8220; ist unter folgendem Link abrufbar: http:\/\/de-de.facebook.com\/about\/privacy. Die \u201eDatenrichtlinie&#8220; von Instagram finden Sie hier: https:\/\/help.instagram.com\/519522125107875\n<p><strong>LinkedIn<\/strong><\/p>\nUnser Unternehmen betreibt einen Social-Media-Channel auf der Plattform LinkedIn. Der Betreiber von der Plattform ist LinkedIn Ireland Unlimited Company, Wilton Place, Dublin 2, Irland (nachfolgend: LinkedIn).<br \/>\n\u00dcber unsere LinkedIn-Seite m\u00f6chten wir auf unsere Leistungen aufmerksam machen und mit Besuchern und Benutzern von LinkedIn kommunizieren.<br \/>\nDa es sich beim Betrieb unserer LinkedIn-Seite datenschutzrechtlich um eine gemeinsame Verantwortung gem\u00e4\u00df Art. 26 DSGVO zwischen LinkedIn und uns handelt, wurde eine<br \/>\nentsprechende Vereinbarung abgeschlossen, die Sie unter dem folgenden Link einsehen k\u00f6nnen:<br \/>\nhttps:\/\/de.linkedin.com\/legal\/l\/dpa<br \/>\nWir weisen Sie darauf, dass Sie unsere LinkedIn-Seite und ihre Funktionen in eigener Verantwortung nutzen.<br \/>\nBeim Besuch unserer LinkedIn-Seite werden Ihre personenbezogenen Daten von LinkedIn erfasst, \u00fcbertragen, gespeichert und verwendet. Durch die Verarbeitung personenbezogener Daten durch LinkedIn, erhalten wir in anonymisierter Form Statistiken \u00fcber Aufrufe auf unsere LinkedIn-Seite und Nutzungsprofile. Damit haben wir die M\u00f6glichkeit \u00fcber die Arten von Aktionen auf unserer LinkedIn-Seite informiert zu werden und somit Erkenntnis zu erlangen, welche Beitr\u00e4ge Nutzer interessieren. Rechtsgrundlage f\u00fcr diese Verarbeitung ist Art. 6 Abs. 1 Buchst. f DSGVO. Die verarbeiteten Daten werden ausschlie\u00dflich in anonymisierter Form an uns \u00fcbermittelt. Eine Einsicht auf die zugrundeliegenden Daten ist uns nicht m\u00f6glich. Wir haben keinen Einfluss auf Art und Umfang der Verarbeitung personenbezogener Daten durch LinkedIn.<br \/>\nLinkedIn \u00fcbermittelt Daten auf Grundlage von der Europ\u00e4ischen Kommission genehmigter Standardvertragsklauseln an die LinkedIn Corporation 1000 W Maude Ave Sunnyvale, CA, US. Auf diese Verarbeitungen haben wir keinen Einfluss. Wir selbst geben keine personenbezogenen Daten weiter, die wir \u00fcber unser LinkedIn-Profil erhalten.<br \/>\nDetaillierte Hinweise \u00fcber die Verarbeitung Ihrer personenbezogenen Daten durch LinkedIn erhalten Sie unter<br \/>\nhttps:\/\/www.linkedin.com\/legal\/privacy\u2010policy?trk=homepage\u2010basic_footer\u2010privacy\u2010policy<br \/>\nWir verarbeiten Ihre Daten lediglich dann, wenn Sie \u00fcber die LinkedIn Plattform Kontakt mit unserer Personalabteilung aufnehmen oder sich \u00fcber LinkedIn auf eine ausgeschriebene Stelle bewerben. In diesem Fall erhebt LinkedIn Ihre Daten und stellt sie uns zur Verf\u00fcgung. Die in einer von Ihnen an uns gesandten Nachricht enthaltenen personenbezogenen Daten verarbeiten wir ausschlie\u00dflich, um Ihre Anfrage zu beantworten.<br \/>\nDie Rechtsgrundlage f\u00fcr die Verarbeitung der personenbezogenen Daten erfolgt auf Basis unser berechtigtes Interesse an der Kommunikation mit den Nutzern und unsere Au\u00dfendarstellung zwecks Werbung gem\u00e4\u00df Art. 6 Abs. 1 lit. f DSGVO. Die Verarbeitung Ihrer personenbezogenen Daten im Falle einer Bewerbung richten sich nach unserer Bewerber-Datenschutzerkl\u00e4rung.<br \/>\nF\u00fcr Verarbeitungst\u00e4tigkeiten durch das Betreiben unserer LinkedIn-Seite gelten unsere Informationen hinsichtlich der verantwortlichen Stelle, des Datenschutzbeauftragten und der Erkl\u00e4rung Ihrer Rechte als betroffene Person.<br \/>\nF\u00fcr jegliche dar\u00fcberhinausgehende Verarbeitung weisen wir darauf hin, dass auf unserer LinkedIn Unternehmensseite die Datenschutzerkl\u00e4rung der LinkedIn Ireland Unlimited Company, Wilton Place, Dublin 2, Irland (im Folgenden: LinkedIn) anwendbar ist.<br \/>\nWeitere Informationen zur Verarbeitung personenbezogener Daten durch LinkedIn finden Sie unter<br \/>\nhttps:\/\/www.linkedin.com\/legal\/privacy-policy?trk=uno-reg-guest-home-privacy-policy\n<p><strong>XING<\/strong><\/p>\nWir betreiben eine Unternehmens-Webseite auf dem Social-Media-Netzwerk XING, welches von New York SE mit Sitz in Hamburg, Deutschland (nachfolgend: XING) betrieben wird.<br \/>\nBeim Besuch unserer XING-Seite werden Ihre personenbezogenen Daten von XING erfasst, \u00fcbertragen, gespeichert und verwendet. Durch die Verarbeitung personenbezogener Daten durch XING, erhalten wir in anonymisierter Form Statistiken \u00fcber Aufrufe auf unsere XING-Seite und Nutzungsprofile. Damit haben wir die M\u00f6glichkeit \u00fcber die Arten von Aktionen auf unserer XING-Seite informiert zu werden und somit Erkenntnis zu erlangen, welche Beitr\u00e4ge Nutzer interessieren. Die verarbeiteten Daten werden ausschlie\u00dflich in anonymisierter Form an uns \u00fcbermittelt. Eine Einsicht auf die zugrundeliegenden Daten ist uns nicht m\u00f6glich. Wir haben keinen Einfluss auf Art und Umfang der Verarbeitung personenbezogener Daten durch XING.<br \/>\nDetaillierte Hinweise \u00fcber die Verarbeitung Ihrer personenbezogenen Daten durch XING erhalten Sie unter<br \/>\nhttps:\/\/privacy.xing.com\/de\/datenschutzerklaerung\/druckversion<br \/>\nWir verarbeiten Ihre personenbezogenen Daten lediglich dann, wenn Sie \u00fcber die XING Plattform Kontakt mit unserer Personalabteilung aufnehmen oder sich \u00fcber XING auf eine ausgeschriebene Stelle bewerben. Die in einer von Ihnen an uns gesandten Nachricht enthaltenen personenbezogenen Daten verarbeiten wir ausschlie\u00dflich, um Ihre Anfrage zu beantworten.<br \/>\nDie Rechtsgrundlage f\u00fcr die Verarbeitung der personenbezogenen Daten basiert auf unser berechtigtes Interesse an der Kommunikation mit den Nutzern und unsere Au\u00dfendarstellung zwecks Werbung gem\u00e4\u00df Art. 6 Abs. 1 lit. f DSGVO.<br \/>\nDie Verarbeitung Ihrer personenbezogenen Daten im Falle einer Bewerbung richten sich nach unserer Bewerber-Datenschutzerkl\u00e4rung.<br \/>\nF\u00fcr Verarbeitungst\u00e4tigkeiten durch das Betreiben unserer XING-Seite gelten unsere Informationen hinsichtlich der verantwortlichen Stelle, des Datenschutzbeauftragten und der Erkl\u00e4rung Ihrer Rechte als betroffene Person.<br \/>\nWir weisen darauf hin, dass f\u00fcr jegliche dar\u00fcberhinausgehende Verarbeitung auf unserer XING-Unternehmensseite die Datenschutzerkl\u00e4rung von XING anwendbar ist.<br \/>\nWeitere Information zur Verarbeitung von personenbezogenen Daten durch XING finden Sie unter\n<p><strong>Kununu<\/strong><\/p>\nWir betreiben eine Unternehmens-Webseite auf dem Social-Media-Netzwerk kununu, welches von New York SE mit Sitz in Hamburg, Deutschland (nachfolgend: kununu) betrieben wird.<br \/>\nBeim Besuch unserer kununu-Seite werden Ihre personenbezogenen Daten von kununu erfasst, \u00fcbertragen, gespeichert und verwendet. Wir weisen Sie darauf hin, dass Sie den Kununu-Kanal und dessen Funktionen in eigener Verantwortung nutzen. Durch die Verarbeitung personenbezogener Daten durch kununu, erhalten wir in anonymisierter Form Statistiken \u00fcber Aufrufe auf unsere kununu-Seite und Nutzungsprofile. Damit haben wir die M\u00f6glichkeit \u00fcber die Arten von Aktionen auf unserer kununu -Seite informiert zu werden und somit Erkenntnis zu erlangen, welche Beitr\u00e4ge Nutzer interessieren. Die verarbeiteten Daten werden ausschlie\u00dflich in anonymisierter Form an uns \u00fcbermittelt. Eine Einsicht auf die zugrundeliegenden Daten ist uns nicht m\u00f6glich. Wir haben keinen Einfluss auf Art und Umfang der Verarbeitung personenbezogener Daten durch kununu.<br \/>\nDetaillierte Hinweise \u00fcber die Verarbeitung Ihrer personenbezogenen Daten durch kununu erhalten Sie unter<br \/>\nhttps:\/\/privacy.xing.com\/de\/datenschutzerklaerung\/druckversion<br \/>\nWir verarbeiten Ihre personenbezogenen Daten lediglich dann, wenn Sie \u00fcber die kununu Plattform Kontakt mit uns aufnehmen. Die in einer von Ihnen an uns gesandten Nachricht enthaltenen personenbezogenen Daten verarbeiten wir ausschlie\u00dflich, um Ihre Anfrage zu beantworten.<br \/>\nDie Rechtsgrundlage f\u00fcr die Verarbeitung der personenbezogenen Daten basiert auf unser berechtigtes Interesse an der Kommunikation mit den Nutzern und unsere Au\u00dfendarstellung zwecks Werbung gem\u00e4\u00df Art. 6 Abs. 1 lit. f DSGVO.<br \/>\nF\u00fcr Verarbeitungst\u00e4tigkeiten durch das Betreiben unserer kununu -Seite gelten unsere Informationen hinsichtlich der verantwortlichen Stelle, des Datenschutzbeauftragten und der Erkl\u00e4rung Ihrer Rechte als betroffene Person.<br \/>\nWir weisen darauf hin, dass f\u00fcr jegliche dar\u00fcberhinausgehende Verarbeitung auf unserer kununu -Unternehmensseite die Datenschutzerkl\u00e4rung von kununu anwendbar ist.<br \/>\nWeitere Information zur Verarbeitung von personenbezogenen Daten durch kununu finden Sie unter<br \/>\nhttps:\/\/privacy.xing.com\/de\/datenschutzerklaerung\n<p><strong> Google Maps<\/strong><\/p>\nWir setzen auf unserer Seite das Angebot von Google Maps der Firma Google Ireland Limited, Gordon House, 4 Barrow St, Dublin, D04 E5W5, Irland, ein. Dieses erm\u00f6glicht Ihnen die Komfortable Nutzung der Karten Funktion und erm\u00f6glicht uns interaktive Karten zum Zwecke einer der ansprechenden Darstellung unserer Online Angebote sowie der leichten Auffindbarkeit unserer Standorte, direkt auf der Wesite einzubinden. Als verarbeitetete Daten k\u00f6nnen insbesondere IP-Adressen und Standortdaten der Nutzer geh\u00f6ren. Bei der Nutzung von Google Maps kann es ebenfalls zu einer \u00dcbermittlung von personenbezogenen Daten an die Server der Google LLC. in den USA kommen.<br \/>\nDer Kartendienst l\u00e4dt erst dann, wenn Sie als Nutzer Ihr Einverst\u00e4ndnis gegeben haben. Rechtsgrundlage f\u00fcr die Datenverarbeitung durch die Elektro-Breitling GmbH ist Art. 6 Abs. 1 lit. a) DSGVO, Ihre Einwilligung innerhalb des Cookie Banners. Sie k\u00f6nnen Ihre Einwilligung jederzeit widerrufen in dem Sie Ihre Einstellungen im unteren Bereich dieser Website unter \u201eCookie-Richtlinie(EU)&#8220; a\u0308ndern. Die Rechtma\u0308\u00dfigkeit der bereits erfolgten Datenverarbeitungsvorg\u00e4nge bleibt vom Widerruf unber\u00fchrt.<br \/>\nMehr Informationen zum Umgang mit Nutzerdaten finden Sie in der Datenschutzerkla\u0308rung von Google: https:\/\/policies.google.com\/privacy?hl=de sowie den Nutzungsbedingungen der Google Dienste: https:\/\/policies.google.com\/terms?hl=de#toc-software\n<p><strong> Rechte der betroffenen Person<\/strong><\/p>\nDie folgende Auflistung umfasst alle Rechte der Betroffenen nach der DSGVO. Rechte, die fu\u0308r die eigene Webseite keine Relevanz haben, mu\u0308ssen nicht genannt werden. Insoweit kann die Auflistung geku\u0308rzt werden.<br \/>\nWerden personenbezogene Daten von Ihnen verarbeitet, sind Sie Betroffener i.S.d. DSGVO und es stehen Ihnen folgende Rechte gegenu\u0308ber dem Verantwortlichen zu:\n<p><strong>Auskunftsrecht<\/strong><\/p>\nSie ko\u0308nnen von dem Verantwortlichen eine Besta\u0308tigung daru\u0308ber verlangen, ob personenbezogene Daten, die Sie betreffen, von uns verarbeitet werden. Liegt eine solche Verarbeitung vor, ko\u0308nnen Sie von dem Verantwortlichen u\u0308ber folgende Informationen Auskunft verlangen:<br \/>\n(1) die Zwecke, zu denen die personenbezogenen Daten verarbeitet werden; (2) die Kategorien von personenbezogenen Daten, welche verarbeitet werden; (3) die Empfa\u0308nger bzw. die Kategorien von Empfa\u0308ngern, gegenu\u0308ber denen die Sie betreffenden personenbezogenen Daten offengelegt wurden oder noch offengelegt werden; (4) die geplante Dauer der Speicherung der Sie betreffenden personenbezogenen Daten oder, falls konkrete Angaben hierzu nicht mo\u0308glich sind, Kriterien fu\u0308r die Festlegung der Speicherdauer; (5) das Bestehen eines Rechts auf Berichtigung oder Lo\u0308schung der Sie betreffenden personenbezogenen Daten, eines Rechts auf Einschra\u0308nkung der Verarbeitung durch den<br \/>\nVerantwortlichen oder eines Widerspruchsrechts gegen diese Verarbeitung; (6) das Bestehen eines Beschwerderechts bei einer Aufsichtsbeho\u0308rde; (7) alle verfu\u0308gbaren Informationen u\u0308ber die Herkunft der Daten, wenn die personenbezogenen Daten nicht bei der betroffenen Person erhoben werden; (8) das Bestehen einer automatisierten Entscheidungsfindung einschlie\u00dflich Profiling gema\u0308\u00df Art. 22 Abs. 1 und 4 DSGVO und &#8211; zumindest in diesen Fa\u0308llen &#8211; aussagekra\u0308ftige Informationen u\u0308ber die involvierte Logik sowie die Tragweite und die angestrebten Auswirkungen einer derartigen Verarbeitung fu\u0308r die betroffene Person.<br \/>\nIhnen steht das Recht zu, Auskunft daru\u0308ber zu verlangen, ob die Sie betreffenden personenbezogenen Daten in ein Drittland oder an eine internationale Organisation u\u0308bermittelt werden. In diesem Zusammenhang ko\u0308nnen Sie verlangen, u\u0308ber die geeigneten Garantien gem. Art. 46 DSGVO im Zusammenhang mit der U\u0308bermittlung unterrichtet zu werden. Recht auf Berichtigung<br \/>\nSie haben ein Recht auf Berichtigung und\/oder Vervollsta\u0308ndigung gegenu\u0308ber dem Verantwortlichen, sofern die verarbeiteten personenbezogenen Daten, die Sie betreffen, unrichtig oder unvollsta\u0308ndig sind. Der Verantwortliche hat die Berichtigung unverzu\u0308glich vorzunehmen.\n<p><strong>Recht auf Einschra\u0308nkung der Verarbeitung<\/strong><\/p>\nUnter den folgenden Voraussetzungen ko\u0308nnen Sie die Einschra\u0308nkung der Verarbeitung der Sie betreffenden personenbezogenen Daten verlangen:<br \/>\n(1) wenn Sie die Richtigkeit der Sie betreffenden personenbezogenen Daten fu\u0308r eine Dauer bestreiten, die es dem Verantwortlichen ermo\u0308glicht, die Richtigkeit der personenbezogenen Daten zu u\u0308berpru\u0308fen; (2) die Verarbeitung unrechtma\u0308\u00dfig ist und Sie die Lo\u0308schung der personenbezogenen Daten ablehnen und stattdessen die Einschra\u0308nkung der Nutzung der personenbezogenen Daten verlangen; (3) der Verantwortliche die personenbezogenen Daten fu\u0308r die Zwecke der Verarbeitung nicht la\u0308nger beno\u0308tigt, Sie diese jedoch zur Geltendmachung, Ausu\u0308bung oder Verteidigung von Rechtsanspru\u0308chen beno\u0308tigen, oder (4) wenn Sie Widerspruch gegen die Verarbeitung gema\u0308\u00df Art. 21 Abs. 1 DSGVO eingelegt haben und noch nicht feststeht, ob die berechtigten Gru\u0308nde des Verantwortlichen gegenu\u0308ber Ihren Gru\u0308nden u\u0308berwiegen.<br \/>\nWurde die Verarbeitung der Sie betreffenden personenbezogenen Daten eingeschra\u0308nkt, du\u0308rfen diese Daten &#8211; von ihrer Speicherung abgesehen &#8211; nur mit Ihrer Einwilligung oder zur Geltendmachung, Ausu\u0308bung oder Verteidigung von Rechtsanspru\u0308chen oder zum Schutz der Rechte einer anderen natu\u0308rlichen oder juristischen Person oder aus Gru\u0308nden eines wichtigen o\u0308ffentlichen Interesses der Union oder eines Mitgliedstaats verarbeitet werden.<br \/>\nWurde die Einschra\u0308nkung der Verarbeitung nach den o.g. Voraussetzungen eingeschra\u0308nkt, werden Sie von dem Verantwortlichen unterrichtet bevor die Einschra\u0308nkung aufgehoben wird.\n<p><strong>Recht auf Lo\u0308schung Lo\u0308schungspflicht<\/strong><\/p>\nSie ko\u0308nnen von dem Verantwortlichen verlangen, dass die Sie betreffenden personenbezogenen Daten unverzu\u0308glich gelo\u0308scht werden, und der Verantwortliche ist verpflichtet, diese Daten unverzu\u0308glich zu lo\u0308schen, sofern einer der folgenden Gru\u0308nde zutrifft:<br \/>\n(1) Die Sie betreffenden personenbezogenen Daten sind fu\u0308r die Zwecke, fu\u0308r die sie erhoben oder auf sonstige Weise verarbeitet wurden, nicht mehr notwendig. (2) Sie widerrufen Ihre Einwilligung, auf die sich die Verarbeitung gem. Art. 6 Abs. 1 lit. a oder Art. 9 Abs. 2 lit. a DSGVO stu\u0308tzte, und es fehlt an einer anderweitigen Rechtsgrundlage fu\u0308r die Verarbeitung. (3) Sie legen gem. Art. 21 Abs. 1 DSGVO Widerspruch gegen die Verarbeitung ein und es liegen keine vorrangigen berechtigten Gru\u0308nde fu\u0308r die Verarbeitung vor, oder Sie legen gem. Art. 21 Abs. 2 DSGVO Widerspruch gegen die Verarbeitung ein. (4) Die Sie betreffenden personenbezogenen Daten wurden unrechtma\u0308\u00dfig verarbeitet. (5) Die Lo\u0308schung der Sie betreffenden personenbezogenen Daten ist zur Erfu\u0308llung einer rechtlichen Verpflichtung nach dem Unionsrecht oder dem Recht der Mitgliedstaaten erforderlich, dem der Verantwortliche unterliegt. (6) Die Sie betreffenden personenbezogenen Daten wurden in Bezug auf angebotene Dienste der Informationsgesellschaft gema\u0308\u00df Art. 8 Abs. 1 DSGVO erhoben.\n<p><strong>Information an Dritte<\/strong><\/p>\n<p>Hat der Verantwortliche die Sie betreffenden personenbezogenen Daten o\u0308ffentlich gemacht und ist er gem. Art. 17 Abs. 1 DSGVO zu deren Lo\u0308schung verpflichtet, so trifft er unter Beru\u0308cksichtigung der verfu\u0308gbaren Technologie und der Implementierungskosten angemessene Ma\u00dfnahmen, auch technischer Art, um fu\u0308r die Datenverarbeitung Verantwortliche, die die personenbezogenen Daten verarbeiten, daru\u0308ber zu informieren, dass Sie als betroffene Person von ihnen die Lo\u0308schung aller Links zu diesen personenbezogenen Daten oder von Kopien oder Replikationen dieser personenbezogenen Daten verlangt haben.<\/p>\n<p><strong>Ausnahmen<\/strong><\/p>\nDas Recht auf Lo\u0308schung besteht nicht, soweit die Verarbeitung erforderlich ist<br \/>\n(1) zur Ausu\u0308bung des Rechts auf freie Meinungsa\u0308u\u00dferung und Information; (2) zur Erfu\u0308llung einer rechtlichen Verpflichtung, die die Verarbeitung nach dem Recht der Union oder der Mitgliedstaaten, dem der Verantwortliche unterliegt, erfordert, oder zur Wahrnehmung einer Aufgabe, die im o\u0308ffentlichen Interesse liegt oder in Ausu\u0308bung o\u0308ffentlicher Gewalt erfolgt, die dem Verantwortlichen u\u0308bertragen wurde; (3) aus Gru\u0308nden des o\u0308ffentlichen Interesses im Bereich der o\u0308ffentlichen Gesundheit gema\u0308\u00df Art. 9 Abs. 2 lit. h und i sowie Art. 9 Abs. 3 DSGVO; (4) fu\u0308r im o\u0308ffentlichen Interesse liegende Archivzwecke, wissenschaftliche oder historische Forschungszwecke oder fu\u0308r statistische Zwecke gem. Art. 89 Abs. 1 DSGVO, soweit das unter Abschnitt a) genannte Recht voraussichtlich die Verwirklichung der Ziele dieser Verarbeitung unmo\u0308glich macht oder ernsthaft beeintra\u0308chtigt, oder (5) zur Geltendmachung, Ausu\u0308bung oder Verteidigung von Rechtsanspru\u0308chen.\n<p><strong>Recht auf Unterrichtung<\/strong><\/p>\nHaben Sie das Recht auf Berichtigung, Lo\u0308schung oder Einschra\u0308nkung der Verarbeitung gegenu\u0308ber dem Verantwortlichen geltend gemacht, ist dieser verpflichtet, allen Empfa\u0308ngern, denen die Sie betreffenden personenbezogenen Daten offengelegt wurden, diese Berichtigung oder Lo\u0308schung der Daten oder Einschra\u0308nkung der Verarbeitung mitzuteilen, es sei denn, dies erweist sich als unmo\u0308glich oder ist mit einem unverha\u0308ltnisma\u0308\u00dfigen Aufwand verbunden.<br \/>\nIhnen steht gegenu\u0308ber dem Verantwortlichen das Recht zu, u\u0308ber diese Empfa\u0308nger unterrichtet zu werden.\n<p><strong>Recht auf Datenu\u0308bertragbarkeit<\/strong><\/p>\nSie haben das Recht, die Sie betreffenden personenbezogenen Daten, die Sie dem Verantwortlichen bereitgestellt haben, in einem strukturierten, ga\u0308ngigen und maschinenlesbaren Format zu erhalten. Au\u00dferdem haben Sie das Recht diese Daten einem anderen Verantwortlichen ohne Behinderung durch den Verantwortlichen, dem die personenbezogenen Daten bereitgestellt wurden, zu u\u0308bermitteln, sofern<br \/>\n(1) die Verarbeitung auf einer Einwilligung gem. Art. 6 Abs. 1 lit. a DSGVO oder Art. 9 Abs. 2 lit. a DSGVO oder auf einem Vertrag gem. Art. 6 Abs. 1 lit. b DSGVO beruht und (2) die Verarbeitung mithilfe automatisierter Verfahren erfolgt.<br \/>\nIn Ausu\u0308bung dieses Rechts haben Sie ferner das Recht, zu erwirken, dass die Sie betreffenden personenbezogenen Daten direkt von einem Verantwortlichen einem anderen Verantwortlichen u\u0308bermittelt werden, soweit dies technisch machbar ist. Freiheiten und Rechte anderer Personen du\u0308rfen hierdurch nicht beeintra\u0308chtigt werden.<br \/>\nDas Recht auf Datenu\u0308bertragbarkeit gilt nicht fu\u0308r eine Verarbeitung personenbezogener Daten, die fu\u0308r die Wahrnehmung einer Aufgabe erforderlich ist, die im o\u0308ffentlichen Interesse liegt oder in Ausu\u0308bung o\u0308ffentlicher Gewalt erfolgt, die dem Verantwortlichen u\u0308bertragen wurde.\n<p><strong>Widerspruchsrecht<\/strong><\/p>\nSie haben das Recht, aus Gru\u0308nden, die sich aus ihrer besonderen Situation ergeben, jederzeit gegen die Verarbeitung der Sie betreffenden personenbezogenen Daten, die aufgrund von Art. 6 Abs. 1 lit. e oder f DSGVO erfolgt, Widerspruch einzulegen; dies gilt auch fu\u0308r ein auf diese Bestimmungen gestu\u0308tztes Profiling.<br \/>\nDer Verantwortliche verarbeitet die Sie betreffenden personenbezogenen Daten nicht mehr, es sei denn, er kann zwingende schutzwu\u0308rdige Gru\u0308nde fu\u0308r die Verarbeitung nachweisen, die Ihre Interessen, Rechte und Freiheiten u\u0308berwiegen, oder die Verarbeitung dient der Geltendmachung, Ausu\u0308bung oder Verteidigung von Rechtsanspru\u0308chen.<br \/>\nWerden die Sie betreffenden personenbezogenen Daten verarbeitet, um Direktwerbung zu betreiben, haben Sie das Recht, jederzeit Widerspruch gegen die Verarbeitung der Sie<br \/>\nbetreffenden personenbezogenen Daten zum Zwecke derartiger Werbung einzulegen; dies gilt auch fu\u0308r das Profiling, soweit es mit solcher Direktwerbung in Verbindung steht.<br \/>\nWidersprechen Sie der Verarbeitung fu\u0308r Zwecke der Direktwerbung, so werden die Sie betreffenden personenbezogenen Daten nicht mehr fu\u0308r diese Zwecke verarbeitet.<br \/>\nSie haben die Mo\u0308glichkeit, im Zusammenhang mit der Nutzung von Diensten der Informationsgesellschaft &#8211; ungeachtet der Richtlinie 2002\/58\/EG &#8211; Ihr Widerspruchsrecht mittels automatisierter Verfahren auszuu\u0308ben, bei denen technische Spezifikationen verwendet werden.\n<p><strong>Recht auf Widerruf der datenschutzrechtlichen Einwilligungserkla\u0308rung<\/strong><\/p>\nSie haben das Recht, Ihre datenschutzrechtliche Einwilligungserkla\u0308rung jederzeit zu widerrufen. Durch den Widerruf der Einwilligung wird die Rechtma\u0308\u00dfigkeit der aufgrund der Einwilligung bis zum Widerruf erfolgten Verarbeitung nicht beru\u0308hrt.<br \/>\nDer Widerruf ist zu richten an:\nElektromontage RAISCH GmbH<br \/>\nHauptstrasse 30<br \/>\n71111 Waldenbuch\nTelefon: +49 (0) 7157 532307<br \/>\nTelefax: +49 (0) 7157 532308\nE-Mail: elektromontagen@raisch-elektro.de<br \/>\nwww.raisch-elektro.de\n<p><strong>Automatisierte Entscheidung im Einzelfall einschlie\u00dflich Profiling<\/strong><\/p>\nSie haben das Recht, nicht einer ausschlie\u00dflich auf einer automatisierten Verarbeitung &#8211; einschlie\u00dflich Profiling &#8211; beruhenden Entscheidung unterworfen zu werden, die Ihnen gegenu\u0308ber rechtliche Wirkung entfaltet oder Sie in a\u0308hnlicher Weise erheblich beeintra\u0308chtigt. Dies gilt nicht, wenn die Entscheidung<br \/>\n(1) fu\u0308r den Abschluss oder die Erfu\u0308llung eines Vertrags zwischen Ihnen und dem Verantwortlichen erforderlich ist, (2) aufgrund von Rechtsvorschriften der Union oder der Mitgliedstaaten, denen der Verantwortliche unterliegt, zula\u0308ssig ist und diese Rechtsvorschriften angemessene Ma\u00dfnahmen zur Wahrung Ihrer Rechte und Freiheiten sowie Ihrer berechtigten Interessen enthalten oder (3) mit Ihrer ausdru\u0308cklichen Einwilligung erfolgt.<br \/>\nAllerdings du\u0308rfen diese Entscheidungen nicht auf besonderen Kategorien personenbezogener Daten nach Art. 9 Abs. 1 DSGVO beruhen, sofern nicht Art. 9 Abs. 2 lit. a oder g DSGVO gilt und angemessene Ma\u00dfnahmen zum Schutz der Rechte und Freiheiten sowie Ihrer berechtigten Interessen getroffen wurden.<br \/>\nHinsichtlich der in (1) und (3) genannten Fa\u0308lle trifft der Verantwortliche angemessene Ma\u00dfnahmen, um die Rechte und Freiheiten sowie Ihre berechtigten Interessen zu wahren, wozu mindestens das Recht auf Erwirkung des Eingreifens einer Person seitens des Verantwortlichen, auf Darlegung des eigenen Standpunkts und auf Anfechtung der Entscheidung geho\u0308rt.\n<p><strong>Recht auf Beschwerde bei einer Aufsichtsbeho\u0308rde<\/strong><\/p>\nUnbeschadet eines anderweitigen verwaltungsrechtlichen oder gerichtlichen Rechtsbehelfs steht Ihnen das Recht auf Beschwerde bei einer Aufsichtsbeho\u0308rde, insbesondere in dem Mitgliedstaat ihres Aufenthaltsorts, ihres Arbeitsplatzes oder des Orts des mutma\u00dflichen Versto\u00dfes, zu, wenn Sie der Ansicht sind, dass die Verarbeitung der Sie betreffenden personenbezogenen Daten gegen die DSGVO versto\u0308\u00dft.<br \/>\nDie Aufsichtsbeho\u0308rde, bei der die Beschwerde eingereicht wurde, unterrichtet den Beschwerdefu\u0308hrer u\u0308ber den Stand und die Ergebnisse der Beschwerde einschlie\u00dflich der Mo\u0308glichkeit eines gerichtlichen Rechtsbehelfs nach Art. 78 DSGVO.\n<p><strong>Datensicherheit<\/strong><\/p>\n<p>Wir verwenden innerhalb des Website-Besuchs das verbreitete SSL-Verfahren (Secure Socket Layer) in Verbindung mit der jeweils ho\u0308chsten Verschlu\u0308sselungsstufe, die von Ihrem Browser unterstu\u0308tzt wird. In der Regel handelt es sich dabei um eine 256 Bit Verschlu\u0308sselung. Falls Ihr Browser keine 256-Bit Verschlu\u0308sselung unterstu\u0308tzt, greifen wir stattdessen auf 128-Bit v3 Technologie zuru\u0308ck. Ob eine einzelne Seite unseres Internetauftrittes verschlu\u0308sselt u\u0308bertragen wird, erkennen Sie an der geschlossenen Darstellung des Schu\u0308ssel- beziehungsweise Schloss-Symbols in der unteren Statusleiste Ihres Browsers. Wir bedienen uns im U\u0308brigen geeigneter technischer und organisatorischer Sicherheitsma\u00dfnahmen, um Ihre Daten gegen zufa\u0308llige oder vorsa\u0308tzliche Manipulationen, teilweisen oder vollsta\u0308ndigen Verlust, Zersto\u0308rung oder gegen den unbefugten Zugriff Dritter zu schu\u0308tzen. Unsere Sicherheitsma\u00dfnahmen werden entsprechend der technologischen Entwicklung fortlaufend verbessert.<\/p>\n<p><strong>Aktualita\u0308t und A\u0308nderung dieser Datenschutzerkla\u0308rung<\/strong><\/p>\n<p>Diese Datenschutzerkla\u0308rung ist aktuell gu\u0308ltig und hat den Stand Juni 2022. Durch die Weiterentwicklung unserer Website und Angebote daru\u0308ber oder aufgrund gea\u0308nderter gesetzlicher beziehungsweise beho\u0308rdlicher Vorgaben kann es notwendig werden, diese Datenschutzerkla\u0308rung zu a\u0308ndern. Die jeweils aktuelle Datenschutzerkla\u0308rung kann jederzeit auf unserer Website unter Datenschutz von Ihnen abgerufen und ausgedruckt werden.<\/p>\n<p>&nbsp;<\/p>\n\n","protected":false},"excerpt":{"rendered":"<p>Datenschutzerkl\u00e4rung Name und Anschrift des Verantwortlichen Elektromontage RAISCH GmbH Hauptstrasse 30 71111 Waldenbuch Telefon: +49 (0) 7157 532307 Telefax: +49 (0) 7157 532308 E-Mail: elektromontagen@raisch-elektro.de www.raisch-elektro.de Name und Anschrift des Datenschutzbeauftragten Alexander Raisch Hauptstrasse 30 71111 Waldenbuch Allgemeines zur Datenvereinbarung\u00a0 Umfang der Verarbeitung personenbezogener Daten Wir verarbeiten personenbezogene Daten unserer Nutzer grunds\u00e4tzlich nur, soweit dies [&hellip;]<\/p>\n","protected":false},"author":1,"featured_media":0,"parent":0,"menu_order":0,"comment_status":"closed","ping_status":"closed","template":"","meta":{"footnotes":""},"class_list":["post-3","page","type-page","status-publish","hentry"],"_links":{"self":[{"href":"https:\/\/wp.raisch-elektro.de\/index.php\/wp-json\/wp\/v2\/pages\/3","targetHints":{"allow":["GET"]}}],"collection":[{"href":"https:\/\/wp.raisch-elektro.de\/index.php\/wp-json\/wp\/v2\/pages"}],"about":[{"href":"https:\/\/wp.raisch-elektro.de\/index.php\/wp-json\/wp\/v2\/types\/page"}],"author":[{"embeddable":true,"href":"https:\/\/wp.raisch-elektro.de\/index.php\/wp-json\/wp\/v2\/users\/1"}],"replies":[{"embeddable":true,"href":"https:\/\/wp.raisch-elektro.de\/index.php\/wp-json\/wp\/v2\/comments?post=3"}],"version-history":[{"count":11,"href":"https:\/\/wp.raisch-elektro.de\/index.php\/wp-json\/wp\/v2\/pages\/3\/revisions"}],"predecessor-version":[{"id":580,"href":"https:\/\/wp.raisch-elektro.de\/index.php\/wp-json\/wp\/v2\/pages\/3\/revisions\/580"}],"wp:attachment":[{"href":"https:\/\/wp.raisch-elektro.de\/index.php\/wp-json\/wp\/v2\/media?parent=3"}],"curies":[{"name":"wp","href":"https:\/\/api.w.org\/{rel}","templated":true}]}}